{"id":2087,"date":"2026-04-27T10:02:07","date_gmt":"2026-04-27T08:02:07","guid":{"rendered":"https:\/\/www.fundaciofarineragirona.cat\/iniciatives\/startup-build-sprint\/"},"modified":"2026-04-27T12:27:45","modified_gmt":"2026-04-27T10:27:45","slug":"startup-build-sprint","status":"publish","type":"page","link":"https:\/\/www.fundaciofarineragirona.cat\/es\/iniciatives\/startup-build-sprint\/","title":{"rendered":"Startup Build Sprint"},"content":{"rendered":"<div class=\"flex max-w-full flex-col gap-4 grow\">\n<div class=\"min-h-8 text-message relative flex w-full flex-col items-end gap-2 text-start break-words whitespace-normal outline-none keyboard-focused:focus-ring [.text-message+&amp;]:mt-1\" dir=\"auto\" tabindex=\"0\" data-message-author-role=\"assistant\" data-message-id=\"7165a77d-bd12-48c4-b6d0-3db2424ad4ff\" data-message-model-slug=\"gpt-5-3\" data-turn-start-message=\"true\">\n<div class=\"flex w-full flex-col gap-1 empty:hidden\">\n<div class=\"markdown prose dark:prose-invert w-full wrap-break-word dark markdown-new-styling\">\n<h2 data-section-id=\"ovqpir\" data-start=\"0\" data-end=\"71\">Participa en el Build Sprint de Fundaci\u00f3 Farinera Girona con Lovable<\/h2>\n<p data-start=\"73\" data-end=\"159\">\u00bfTe imaginas transformar una idea en un producto digital funcional en solo una ma\u00f1ana?<\/p>\n<p data-start=\"161\" data-end=\"431\">Desde la Fundaci\u00f3 Farinera Girona, en colaboraci\u00f3n con <strong data-start=\"216\" data-end=\"227\">Lovable<\/strong>, impulsamos una jornada intensiva de construcci\u00f3n de producto digital pensada para personas con inquietud emprendedora, talento joven y creadores con ganas de experimentar, construir y aprender haciendo.<\/p>\n<p data-start=\"433\" data-end=\"734\">Este <strong data-start=\"438\" data-end=\"454\">Build Sprint<\/strong> es una experiencia pr\u00e1ctica y colaborativa en la que trabajar\u00e1s en equipo para dar forma a una soluci\u00f3n real, utilizando nuevas herramientas de desarrollo como <strong data-start=\"615\" data-end=\"626\">Lovable<\/strong> y metodolog\u00edas como el <strong data-start=\"650\" data-end=\"665\">Vibe Coding<\/strong>, que permiten pasar de una idea a un prototipo en cuesti\u00f3n de horas.<\/p>\n<h3 data-section-id=\"1pwj1wl\" data-start=\"736\" data-end=\"757\">\u00bfQu\u00e9 encontrar\u00e1s?<\/h3>\n<p data-start=\"759\" data-end=\"1007\">Durante 6 horas (de 9 h a 15 h), formar\u00e1s parte de un equipo multidisciplinar junto a estudiantes, emprendedores y perfiles vinculados a tecnolog\u00eda, negocio y dise\u00f1o, con el acompa\u00f1amiento de mentores con experiencia en startups y producto digital.<\/p>\n<p data-start=\"1009\" data-end=\"1104\">No se trata de un hackathon convencional. No venimos solo a generar ideas: venimos a construir.<\/p>\n<p data-start=\"1106\" data-end=\"1181\">Trabajaremos sobre retos reales y oportunidades de mercado en \u00e1mbitos como:<\/p>\n<ul data-start=\"1183\" data-end=\"1344\">\n<li data-section-id=\"2vlbei\" data-start=\"1183\" data-end=\"1209\">Turismo y experiencias<\/li>\n<li data-section-id=\"1mki4nf\" data-start=\"1210\" data-end=\"1238\">Comunidades y networking<\/li>\n<li data-section-id=\"7o3dbp\" data-start=\"1239\" data-end=\"1298\">Productividad y aplicaciones de inteligencia artificial<\/li>\n<li data-section-id=\"12cjngv\" data-start=\"1299\" data-end=\"1344\">Digitalizaci\u00f3n del comercio local y pymes<\/li>\n<\/ul>\n<p data-start=\"1346\" data-end=\"1460\">Algunos retos estar\u00e1n conectados con problemas reales planteados por emprendedores del ecosistema de la Fundaci\u00f3n.<\/p>\n<h3 data-section-id=\"nyhjtd\" data-start=\"1462\" data-end=\"1486\">\u00bfPor qu\u00e9 participar?<\/h3>\n<p data-start=\"1488\" data-end=\"1609\">Porque vivir\u00e1s de primera mano c\u00f3mo hoy es posible crear producto digital a una velocidad impensable hace solo unos a\u00f1os.<\/p>\n<p data-start=\"1611\" data-end=\"1731\">Porque aprender\u00e1s haciendo, trabajando con herramientas punteras que est\u00e1n redefiniendo la manera de construir startups.<\/p>\n<p data-start=\"1733\" data-end=\"1872\">Porque conectar\u00e1s con otras personas con iniciativa, con emprendedores en activo y con mentores que te ayudar\u00e1n a llevar tu idea m\u00e1s lejos.<\/p>\n<p data-start=\"1874\" data-end=\"1977\">Y porque tendr\u00e1s acceso a cr\u00e9ditos gratuitos de Lovable para construir tu prototipo durante la jornada.<\/p>\n<h3 data-section-id=\"nibpnt\" data-start=\"1979\" data-end=\"2035\">Una oportunidad para experimentar, crear y emprender<\/h3>\n<p data-start=\"2037\" data-end=\"2266\">En muy poco tiempo, <strong data-start=\"2057\" data-end=\"2068\">Lovable<\/strong> se ha posicionado como una de las scaleups m\u00e1s destacadas del ecosistema tecnol\u00f3gico global, demostrando el potencial de las nuevas herramientas de desarrollo para acelerar la creaci\u00f3n de producto.<\/p>\n<p data-start=\"2268\" data-end=\"2397\">Con esta jornada queremos acercar esta nueva manera de construir a estudiantes, talento emergente y emprendedores del territorio.<\/p>\n<p data-start=\"2399\" data-end=\"2535\">Si te interesa la innovaci\u00f3n, las startups, la tecnolog\u00eda o simplemente tienes ganas de poner a prueba una idea\u2026 este evento es para ti.<\/p>\n<h2 data-section-id=\"l7qxf1\" data-start=\"2537\" data-end=\"2550\">\u00bfTe sumas?<\/h2>\n<p data-start=\"2552\" data-end=\"2701\" data-is-last-node=\"\" data-is-only-node=\"\">Participa en una experiencia que conecta talento, tecnolog\u00eda y emprendimiento, y descubre hasta d\u00f3nde puede llegar una idea cuando se pone en acci\u00f3n.<\/p>\n<\/div>\n<\/div>\n<\/div>\n<\/div>\n<div class=\"z-0 flex min-h-[46px] justify-start\">\u00a0<\/div>\n<table style=\"border-collapse: collapse; width: 100%;\">\n<tbody>\n<tr>\n<td style=\"width: 33.333333%;\"><img loading=\"lazy\" decoding=\"async\" class=\"aligncenter size-medium wp-image-2074\" src=\"https:\/\/www.fundaciofarineragirona.cat\/wp-content\/uploads\/2026\/04\/logo-bell-lloc-del-pla-e1625250131340-450x160.png\" alt=\"\" width=\"450\" height=\"160\" srcset=\"https:\/\/www.fundaciofarineragirona.cat\/wp-content\/uploads\/2026\/04\/logo-bell-lloc-del-pla-e1625250131340-450x160.png 450w, https:\/\/www.fundaciofarineragirona.cat\/wp-content\/uploads\/2026\/04\/logo-bell-lloc-del-pla-e1625250131340.png 652w\" sizes=\"auto, (max-width: 450px) 100vw, 450px\" \/><\/td>\n<td style=\"width: 33.333333%;\"><img loading=\"lazy\" decoding=\"async\" class=\"aligncenter wp-image-2075\" src=\"https:\/\/www.fundaciofarineragirona.cat\/wp-content\/uploads\/2026\/04\/4-copia-450x441.png\" alt=\"\" width=\"166\" height=\"163\" srcset=\"https:\/\/www.fundaciofarineragirona.cat\/wp-content\/uploads\/2026\/04\/4-copia-450x441.png 450w, https:\/\/www.fundaciofarineragirona.cat\/wp-content\/uploads\/2026\/04\/4-copia-1200x1176.png 1200w, https:\/\/www.fundaciofarineragirona.cat\/wp-content\/uploads\/2026\/04\/4-copia-768x753.png 768w, https:\/\/www.fundaciofarineragirona.cat\/wp-content\/uploads\/2026\/04\/4-copia-1536x1506.png 1536w, https:\/\/www.fundaciofarineragirona.cat\/wp-content\/uploads\/2026\/04\/4-copia.png 1917w\" sizes=\"auto, (max-width: 166px) 100vw, 166px\" \/><\/td>\n<td style=\"width: 33.333333%;\"><a href=\"https:\/\/www.fundaciofarineragirona.cat\/wp-content\/uploads\/2026\/04\/logoblack.svg\"><img loading=\"lazy\" decoding=\"async\" class=\"aligncenter size-medium wp-image-2076\" src=\"https:\/\/www.fundaciofarineragirona.cat\/wp-content\/uploads\/2026\/04\/logoblack.svg\" alt=\"\" width=\"450\" height=\"77\" \/><\/a><\/td>\n<\/tr>\n<\/tbody>\n<\/table>\n","protected":false},"excerpt":{"rendered":"<p>Participa en el Build Sprint de Fundaci\u00f3 Farinera Girona con Lovable \u00bfTe imaginas transformar una idea en un producto digital funcional en solo una ma\u00f1ana? Desde la Fundaci\u00f3 Farinera Girona, en colaboraci\u00f3n con Lovable, impulsamos una jornada intensiva de construcci\u00f3n de producto digital pensada para personas con inquietud emprendedora, talento joven y creadores con ganas [&hellip;]<\/p>\n","protected":false},"author":1,"featured_media":0,"parent":1245,"menu_order":40,"comment_status":"closed","ping_status":"closed","template":"template-pagina.php","meta":{"_acf_changed":false,"inline_featured_image":false,"footnotes":"","_links_to":"","_links_to_target":""},"class_list":["post-2087","page","type-page","status-publish","hentry"],"acf":[],"yoast_head":"<!-- This site is optimized with the Yoast SEO plugin v27.4 - https:\/\/yoast.com\/product\/yoast-seo-wordpress\/ -->\n<title>Startup Build Sprint - Fundaci\u00f3 Farinera Girona<\/title>\n<meta name=\"robots\" content=\"index, follow, max-snippet:-1, max-image-preview:large, max-video-preview:-1\" \/>\n<link rel=\"canonical\" href=\"https:\/\/www.fundaciofarineragirona.cat\/es\/iniciatives\/startup-build-sprint\/\" \/>\n<meta property=\"og:locale\" content=\"es_ES\" \/>\n<meta property=\"og:type\" content=\"article\" \/>\n<meta property=\"og:title\" content=\"Startup Build Sprint - Fundaci\u00f3 Farinera Girona\" \/>\n<meta property=\"og:description\" content=\"Participa en el Build Sprint de Fundaci\u00f3 Farinera Girona con Lovable \u00bfTe imaginas transformar una idea en un producto digital funcional en solo una ma\u00f1ana? Desde la Fundaci\u00f3 Farinera Girona, en colaboraci\u00f3n con Lovable, impulsamos una jornada intensiva de construcci\u00f3n de producto digital pensada para personas con inquietud emprendedora, talento joven y creadores con ganas [&hellip;]\" \/>\n<meta property=\"og:url\" content=\"https:\/\/www.fundaciofarineragirona.cat\/es\/iniciatives\/startup-build-sprint\/\" \/>\n<meta property=\"og:site_name\" content=\"Fundaci\u00f3 Farinera Girona\" \/>\n<meta property=\"article:modified_time\" content=\"2026-04-27T10:27:45+00:00\" \/>\n<meta property=\"og:image\" content=\"https:\/\/www.fundaciofarineragirona.cat\/wp-content\/uploads\/2026\/04\/logo-bell-lloc-del-pla-e1625250131340.png\" \/>\n\t<meta property=\"og:image:width\" content=\"652\" \/>\n\t<meta property=\"og:image:height\" content=\"232\" \/>\n\t<meta property=\"og:image:type\" content=\"image\/png\" \/>\n<meta name=\"twitter:card\" content=\"summary_large_image\" \/>\n<meta name=\"twitter:label1\" content=\"Tiempo de lectura\" \/>\n\t<meta name=\"twitter:data1\" content=\"3 minutos\" \/>\n<script type=\"application\/ld+json\" class=\"yoast-schema-graph\">{\"@context\":\"https:\\\/\\\/schema.org\",\"@graph\":[{\"@type\":\"WebPage\",\"@id\":\"https:\\\/\\\/www.fundaciofarineragirona.cat\\\/es\\\/iniciatives\\\/startup-build-sprint\\\/\",\"url\":\"https:\\\/\\\/www.fundaciofarineragirona.cat\\\/es\\\/iniciatives\\\/startup-build-sprint\\\/\",\"name\":\"Startup Build Sprint - Fundaci\u00f3 Farinera Girona\",\"isPartOf\":{\"@id\":\"https:\\\/\\\/www.fundaciofarineragirona.cat\\\/es\\\/#website\"},\"primaryImageOfPage\":{\"@id\":\"https:\\\/\\\/www.fundaciofarineragirona.cat\\\/es\\\/iniciatives\\\/startup-build-sprint\\\/#primaryimage\"},\"image\":{\"@id\":\"https:\\\/\\\/www.fundaciofarineragirona.cat\\\/es\\\/iniciatives\\\/startup-build-sprint\\\/#primaryimage\"},\"thumbnailUrl\":\"https:\\\/\\\/www.fundaciofarineragirona.cat\\\/wp-content\\\/uploads\\\/2026\\\/04\\\/logo-bell-lloc-del-pla-e1625250131340-450x160.png\",\"datePublished\":\"2026-04-27T08:02:07+00:00\",\"dateModified\":\"2026-04-27T10:27:45+00:00\",\"breadcrumb\":{\"@id\":\"https:\\\/\\\/www.fundaciofarineragirona.cat\\\/es\\\/iniciatives\\\/startup-build-sprint\\\/#breadcrumb\"},\"inLanguage\":\"es\",\"potentialAction\":[{\"@type\":\"ReadAction\",\"target\":[\"https:\\\/\\\/www.fundaciofarineragirona.cat\\\/es\\\/iniciatives\\\/startup-build-sprint\\\/\"]}]},{\"@type\":\"ImageObject\",\"inLanguage\":\"es\",\"@id\":\"https:\\\/\\\/www.fundaciofarineragirona.cat\\\/es\\\/iniciatives\\\/startup-build-sprint\\\/#primaryimage\",\"url\":\"https:\\\/\\\/www.fundaciofarineragirona.cat\\\/wp-content\\\/uploads\\\/2026\\\/04\\\/logo-bell-lloc-del-pla-e1625250131340-450x160.png\",\"contentUrl\":\"https:\\\/\\\/www.fundaciofarineragirona.cat\\\/wp-content\\\/uploads\\\/2026\\\/04\\\/logo-bell-lloc-del-pla-e1625250131340-450x160.png\"},{\"@type\":\"BreadcrumbList\",\"@id\":\"https:\\\/\\\/www.fundaciofarineragirona.cat\\\/es\\\/iniciatives\\\/startup-build-sprint\\\/#breadcrumb\",\"itemListElement\":[{\"@type\":\"ListItem\",\"position\":1,\"name\":\"Inici\",\"item\":\"https:\\\/\\\/www.fundaciofarineragirona.cat\\\/es\\\/\"},{\"@type\":\"ListItem\",\"position\":2,\"name\":\"Iniciativas\",\"item\":\"\\\/\"},{\"@type\":\"ListItem\",\"position\":3,\"name\":\"Startup Build Sprint\"}]},{\"@type\":\"WebSite\",\"@id\":\"https:\\\/\\\/www.fundaciofarineragirona.cat\\\/es\\\/#website\",\"url\":\"https:\\\/\\\/www.fundaciofarineragirona.cat\\\/es\\\/\",\"name\":\"Fundaci\u00f3 Farinera Girona\",\"description\":\"Impulsem talent, transformem territori\",\"potentialAction\":[{\"@type\":\"SearchAction\",\"target\":{\"@type\":\"EntryPoint\",\"urlTemplate\":\"https:\\\/\\\/www.fundaciofarineragirona.cat\\\/es\\\/?s={search_term_string}\"},\"query-input\":{\"@type\":\"PropertyValueSpecification\",\"valueRequired\":true,\"valueName\":\"search_term_string\"}}],\"inLanguage\":\"es\"}]}<\/script>\n<!-- \/ Yoast SEO plugin. -->","yoast_head_json":{"title":"Startup Build Sprint - Fundaci\u00f3 Farinera Girona","robots":{"index":"index","follow":"follow","max-snippet":"max-snippet:-1","max-image-preview":"max-image-preview:large","max-video-preview":"max-video-preview:-1"},"canonical":"https:\/\/www.fundaciofarineragirona.cat\/es\/iniciatives\/startup-build-sprint\/","og_locale":"es_ES","og_type":"article","og_title":"Startup Build Sprint - Fundaci\u00f3 Farinera Girona","og_description":"Participa en el Build Sprint de Fundaci\u00f3 Farinera Girona con Lovable \u00bfTe imaginas transformar una idea en un producto digital funcional en solo una ma\u00f1ana? Desde la Fundaci\u00f3 Farinera Girona, en colaboraci\u00f3n con Lovable, impulsamos una jornada intensiva de construcci\u00f3n de producto digital pensada para personas con inquietud emprendedora, talento joven y creadores con ganas [&hellip;]","og_url":"https:\/\/www.fundaciofarineragirona.cat\/es\/iniciatives\/startup-build-sprint\/","og_site_name":"Fundaci\u00f3 Farinera Girona","article_modified_time":"2026-04-27T10:27:45+00:00","og_image":[{"width":652,"height":232,"url":"https:\/\/www.fundaciofarineragirona.cat\/wp-content\/uploads\/2026\/04\/logo-bell-lloc-del-pla-e1625250131340.png","type":"image\/png"}],"twitter_card":"summary_large_image","twitter_misc":{"Tiempo de lectura":"3 minutos"},"schema":{"@context":"https:\/\/schema.org","@graph":[{"@type":"WebPage","@id":"https:\/\/www.fundaciofarineragirona.cat\/es\/iniciatives\/startup-build-sprint\/","url":"https:\/\/www.fundaciofarineragirona.cat\/es\/iniciatives\/startup-build-sprint\/","name":"Startup Build Sprint - Fundaci\u00f3 Farinera Girona","isPartOf":{"@id":"https:\/\/www.fundaciofarineragirona.cat\/es\/#website"},"primaryImageOfPage":{"@id":"https:\/\/www.fundaciofarineragirona.cat\/es\/iniciatives\/startup-build-sprint\/#primaryimage"},"image":{"@id":"https:\/\/www.fundaciofarineragirona.cat\/es\/iniciatives\/startup-build-sprint\/#primaryimage"},"thumbnailUrl":"https:\/\/www.fundaciofarineragirona.cat\/wp-content\/uploads\/2026\/04\/logo-bell-lloc-del-pla-e1625250131340-450x160.png","datePublished":"2026-04-27T08:02:07+00:00","dateModified":"2026-04-27T10:27:45+00:00","breadcrumb":{"@id":"https:\/\/www.fundaciofarineragirona.cat\/es\/iniciatives\/startup-build-sprint\/#breadcrumb"},"inLanguage":"es","potentialAction":[{"@type":"ReadAction","target":["https:\/\/www.fundaciofarineragirona.cat\/es\/iniciatives\/startup-build-sprint\/"]}]},{"@type":"ImageObject","inLanguage":"es","@id":"https:\/\/www.fundaciofarineragirona.cat\/es\/iniciatives\/startup-build-sprint\/#primaryimage","url":"https:\/\/www.fundaciofarineragirona.cat\/wp-content\/uploads\/2026\/04\/logo-bell-lloc-del-pla-e1625250131340-450x160.png","contentUrl":"https:\/\/www.fundaciofarineragirona.cat\/wp-content\/uploads\/2026\/04\/logo-bell-lloc-del-pla-e1625250131340-450x160.png"},{"@type":"BreadcrumbList","@id":"https:\/\/www.fundaciofarineragirona.cat\/es\/iniciatives\/startup-build-sprint\/#breadcrumb","itemListElement":[{"@type":"ListItem","position":1,"name":"Inici","item":"https:\/\/www.fundaciofarineragirona.cat\/es\/"},{"@type":"ListItem","position":2,"name":"Iniciativas","item":"\/"},{"@type":"ListItem","position":3,"name":"Startup Build Sprint"}]},{"@type":"WebSite","@id":"https:\/\/www.fundaciofarineragirona.cat\/es\/#website","url":"https:\/\/www.fundaciofarineragirona.cat\/es\/","name":"Fundaci\u00f3 Farinera Girona","description":"Impulsem talent, transformem territori","potentialAction":[{"@type":"SearchAction","target":{"@type":"EntryPoint","urlTemplate":"https:\/\/www.fundaciofarineragirona.cat\/es\/?s={search_term_string}"},"query-input":{"@type":"PropertyValueSpecification","valueRequired":true,"valueName":"search_term_string"}}],"inLanguage":"es"}]}},"_links":{"self":[{"href":"https:\/\/www.fundaciofarineragirona.cat\/es\/wp-json\/wp\/v2\/pages\/2087","targetHints":{"allow":["GET"]}}],"collection":[{"href":"https:\/\/www.fundaciofarineragirona.cat\/es\/wp-json\/wp\/v2\/pages"}],"about":[{"href":"https:\/\/www.fundaciofarineragirona.cat\/es\/wp-json\/wp\/v2\/types\/page"}],"author":[{"embeddable":true,"href":"https:\/\/www.fundaciofarineragirona.cat\/es\/wp-json\/wp\/v2\/users\/1"}],"replies":[{"embeddable":true,"href":"https:\/\/www.fundaciofarineragirona.cat\/es\/wp-json\/wp\/v2\/comments?post=2087"}],"version-history":[{"count":4,"href":"https:\/\/www.fundaciofarineragirona.cat\/es\/wp-json\/wp\/v2\/pages\/2087\/revisions"}],"predecessor-version":[{"id":2101,"href":"https:\/\/www.fundaciofarineragirona.cat\/es\/wp-json\/wp\/v2\/pages\/2087\/revisions\/2101"}],"up":[{"embeddable":true,"href":"https:\/\/www.fundaciofarineragirona.cat\/es\/wp-json\/wp\/v2\/pages\/1245"}],"wp:attachment":[{"href":"https:\/\/www.fundaciofarineragirona.cat\/es\/wp-json\/wp\/v2\/media?parent=2087"}],"curies":[{"name":"wp","href":"https:\/\/api.w.org\/{rel}","templated":true}]}}