{"id":1252,"date":"2025-06-24T12:42:29","date_gmt":"2025-06-24T10:42:29","guid":{"rendered":"http:\/\/localhost\/tqeurocredit\/iniciatives\/mostra-demprenedoria\/"},"modified":"2026-07-27T10:21:06","modified_gmt":"2026-07-27T08:21:06","slug":"mostra-demprenedoria","status":"publish","type":"page","link":"https:\/\/www.fundaciofarineragirona.cat\/en\/iniciatives\/mostra-demprenedoria\/","title":{"rendered":"Mostra d&#8217;Emprenedoria"},"content":{"rendered":"<p class=\"isSelectedEnd\">The <strong>Mostra d&#8217;Emprenedoria<\/strong> is an event that promotes and showcases the entrepreneurial talent of the Girona region. It brings together entrepreneurs, companies, professionals, investors, and key players from the innovation ecosystem with the aim of fostering entrepreneurship, supporting new ventures, and creating opportunities for collaboration.<\/p>\n<p>Through startup project presentations, keynote talks, and networking opportunities, the Mostra d&#8217;Emprenedoria helps strengthen the local business ecosystem while recognizing innovative initiatives with the potential for growth and positive impact.<\/p>\n<p>The <strong>Mostra d&#8217;Emprenedoria<\/strong> is supported by Diputaci\u00f3 de Girona, Assessoria Codina, Dibosch, ElGiroscopi, GironaHub, Kave Home, Marlex and Privalex Partners.<\/p>\n<table style=\"border-collapse: collapse; width: 100%;\">\n<tbody>\n<tr>\n<td style=\"width: 12.5%;\"><img loading=\"lazy\" decoding=\"async\" class=\"aligncenter size-medium wp-image-2408\" src=\"https:\/\/www.fundaciofarineragirona.cat\/wp-content\/uploads\/2026\/07\/07logos_ddgi_apaisat_c_2nivells-450x267.jpg\" alt=\"\" width=\"450\" height=\"267\" srcset=\"https:\/\/www.fundaciofarineragirona.cat\/wp-content\/uploads\/2026\/07\/07logos_ddgi_apaisat_c_2nivells-450x267.jpg 450w, https:\/\/www.fundaciofarineragirona.cat\/wp-content\/uploads\/2026\/07\/07logos_ddgi_apaisat_c_2nivells-768x455.jpg 768w, https:\/\/www.fundaciofarineragirona.cat\/wp-content\/uploads\/2026\/07\/07logos_ddgi_apaisat_c_2nivells.jpg 959w\" sizes=\"auto, (max-width: 450px) 100vw, 450px\" \/><\/td>\n<td style=\"width: 12.5%;\"><img loading=\"lazy\" decoding=\"async\" class=\"aligncenter size-medium wp-image-520\" src=\"https:\/\/www.fundaciofarineragirona.cat\/wp-content\/uploads\/2025\/06\/logo-03-300x150.jpg\" alt=\"\" width=\"300\" height=\"150\" srcset=\"https:\/\/www.fundaciofarineragirona.cat\/wp-content\/uploads\/2025\/06\/logo-03-300x150.jpg 300w, https:\/\/www.fundaciofarineragirona.cat\/wp-content\/uploads\/2025\/06\/logo-03-768x384.jpg 768w, https:\/\/www.fundaciofarineragirona.cat\/wp-content\/uploads\/2025\/06\/logo-03.jpg 983w\" sizes=\"auto, (max-width: 300px) 100vw, 300px\" \/><\/td>\n<td style=\"width: 12.5%;\"><img loading=\"lazy\" decoding=\"async\" class=\"aligncenter size-medium wp-image-851\" src=\"https:\/\/www.fundaciofarineragirona.cat\/wp-content\/uploads\/2025\/09\/logo_GironaHub_generic_trans-e1757060386161-450x358.png\" alt=\"\" width=\"450\" height=\"358\" srcset=\"https:\/\/www.fundaciofarineragirona.cat\/wp-content\/uploads\/2025\/09\/logo_GironaHub_generic_trans-e1757060386161-450x358.png 450w, https:\/\/www.fundaciofarineragirona.cat\/wp-content\/uploads\/2025\/09\/logo_GironaHub_generic_trans-e1757060386161-1200x955.png 1200w, https:\/\/www.fundaciofarineragirona.cat\/wp-content\/uploads\/2025\/09\/logo_GironaHub_generic_trans-e1757060386161-768x611.png 768w, https:\/\/www.fundaciofarineragirona.cat\/wp-content\/uploads\/2025\/09\/logo_GironaHub_generic_trans-e1757060386161-1536x1222.png 1536w, https:\/\/www.fundaciofarineragirona.cat\/wp-content\/uploads\/2025\/09\/logo_GironaHub_generic_trans-e1757060386161.png 1602w\" sizes=\"auto, (max-width: 450px) 100vw, 450px\" \/><\/td>\n<td style=\"width: 12.5%;\"><img loading=\"lazy\" decoding=\"async\" class=\"aligncenter size-medium wp-image-846\" src=\"https:\/\/www.fundaciofarineragirona.cat\/wp-content\/uploads\/2025\/09\/Beige-and-Pink-Modern-Gradient-Business-Consulting-Presentation-e1757060440173-450x149.png\" alt=\"\" width=\"450\" height=\"149\" srcset=\"https:\/\/www.fundaciofarineragirona.cat\/wp-content\/uploads\/2025\/09\/Beige-and-Pink-Modern-Gradient-Business-Consulting-Presentation-e1757060440173-450x149.png 450w, https:\/\/www.fundaciofarineragirona.cat\/wp-content\/uploads\/2025\/09\/Beige-and-Pink-Modern-Gradient-Business-Consulting-Presentation-e1757060440173-768x255.png 768w, https:\/\/www.fundaciofarineragirona.cat\/wp-content\/uploads\/2025\/09\/Beige-and-Pink-Modern-Gradient-Business-Consulting-Presentation-e1757060440173.png 1030w\" sizes=\"auto, (max-width: 450px) 100vw, 450px\" \/><\/td>\n<td style=\"width: 12.5%;\"><img loading=\"lazy\" decoding=\"async\" class=\"aligncenter size-medium wp-image-859\" src=\"https:\/\/www.fundaciofarineragirona.cat\/wp-content\/uploads\/2025\/09\/Logo-PrivaLex-20-450x131.png\" alt=\"\" width=\"450\" height=\"131\" srcset=\"https:\/\/www.fundaciofarineragirona.cat\/wp-content\/uploads\/2025\/09\/Logo-PrivaLex-20-450x131.png 450w, https:\/\/www.fundaciofarineragirona.cat\/wp-content\/uploads\/2025\/09\/Logo-PrivaLex-20-1200x350.png 1200w, https:\/\/www.fundaciofarineragirona.cat\/wp-content\/uploads\/2025\/09\/Logo-PrivaLex-20-768x224.png 768w, https:\/\/www.fundaciofarineragirona.cat\/wp-content\/uploads\/2025\/09\/Logo-PrivaLex-20-1536x448.png 1536w, https:\/\/www.fundaciofarineragirona.cat\/wp-content\/uploads\/2025\/09\/Logo-PrivaLex-20-2048x597.png 2048w\" sizes=\"auto, (max-width: 450px) 100vw, 450px\" \/><\/td>\n<td style=\"width: 12.5%;\"><img loading=\"lazy\" decoding=\"async\" class=\"aligncenter size-medium wp-image-2341\" src=\"https:\/\/www.fundaciofarineragirona.cat\/wp-content\/uploads\/2026\/01\/logo1_mobile-450x140.png\" alt=\"\" width=\"450\" height=\"140\" srcset=\"https:\/\/www.fundaciofarineragirona.cat\/wp-content\/uploads\/2026\/01\/logo1_mobile-450x140.png 450w, https:\/\/www.fundaciofarineragirona.cat\/wp-content\/uploads\/2026\/01\/logo1_mobile.png 612w\" sizes=\"auto, (max-width: 450px) 100vw, 450px\" \/><\/td>\n<td style=\"width: 12.5%;\"><img loading=\"lazy\" decoding=\"async\" class=\"aligncenter size-full wp-image-855\" src=\"https:\/\/www.fundaciofarineragirona.cat\/wp-content\/uploads\/2025\/09\/unnamed.png\" alt=\"\" width=\"352\" height=\"51\" \/><\/td>\n<td style=\"width: 12.5%;\"><img loading=\"lazy\" decoding=\"async\" class=\"aligncenter size-medium wp-image-869\" src=\"https:\/\/www.fundaciofarineragirona.cat\/wp-content\/uploads\/2025\/10\/Logo-verd-450x450.png\" alt=\"\" width=\"450\" height=\"450\" srcset=\"https:\/\/www.fundaciofarineragirona.cat\/wp-content\/uploads\/2025\/10\/Logo-verd-450x450.png 450w, https:\/\/www.fundaciofarineragirona.cat\/wp-content\/uploads\/2025\/10\/Logo-verd-150x150.png 150w, https:\/\/www.fundaciofarineragirona.cat\/wp-content\/uploads\/2025\/10\/Logo-verd.png 500w\" sizes=\"auto, (max-width: 450px) 100vw, 450px\" \/><\/td>\n<\/tr>\n<\/tbody>\n<\/table>\n","protected":false},"excerpt":{"rendered":"<p>The Mostra d&#8217;Emprenedoria is an event that promotes and showcases the entrepreneurial talent of the Girona region. It brings together entrepreneurs, companies, professionals, investors, and key players from the innovation ecosystem with the aim of fostering entrepreneurship, supporting new ventures, and creating opportunities for collaboration. Through startup project presentations, keynote talks, and networking opportunities, the [&hellip;]<\/p>\n","protected":false},"author":1,"featured_media":0,"parent":1244,"menu_order":42,"comment_status":"closed","ping_status":"closed","template":"beques.php","meta":{"_acf_changed":false,"inline_featured_image":false,"footnotes":"","_links_to":"","_links_to_target":""},"class_list":["post-1252","page","type-page","status-publish","hentry"],"acf":[],"yoast_head":"<!-- This site is optimized with the Yoast SEO plugin v27.4 - https:\/\/yoast.com\/product\/yoast-seo-wordpress\/ -->\n<title>Mostra d&#039;Emprenedoria - Fundaci\u00f3 Farinera Girona<\/title>\n<meta name=\"description\" content=\"La\u00a0Mostra d&#039;Emprenedoria celebrar\u00e0 la 13a edici\u00f3, i les inscripcions es tancaran el 30 de setembre d&#039;enguany. Ser\u00e0s tu un dels finalistes?\" \/>\n<meta name=\"robots\" content=\"index, follow, max-snippet:-1, max-image-preview:large, max-video-preview:-1\" \/>\n<link rel=\"canonical\" href=\"https:\/\/www.fundaciofarineragirona.cat\/en\/iniciatives\/mostra-demprenedoria\/\" \/>\n<meta property=\"og:locale\" content=\"en_US\" \/>\n<meta property=\"og:type\" content=\"article\" \/>\n<meta property=\"og:title\" content=\"Mostra d&#039;Emprenedoria - Fundaci\u00f3 Farinera Girona\" \/>\n<meta property=\"og:description\" content=\"La\u00a0Mostra d&#039;Emprenedoria celebrar\u00e0 la 13a edici\u00f3, i les inscripcions es tancaran el 30 de setembre d&#039;enguany. Ser\u00e0s tu un dels finalistes?\" \/>\n<meta property=\"og:url\" content=\"https:\/\/www.fundaciofarineragirona.cat\/en\/iniciatives\/mostra-demprenedoria\/\" \/>\n<meta property=\"og:site_name\" content=\"Fundaci\u00f3 Farinera Girona\" \/>\n<meta property=\"article:modified_time\" content=\"2026-07-27T08:21:06+00:00\" \/>\n<meta property=\"og:image\" content=\"https:\/\/www.fundaciofarineragirona.cat\/wp-content\/uploads\/2026\/07\/07logos_ddgi_apaisat_c_2nivells.jpg\" \/>\n\t<meta property=\"og:image:width\" content=\"959\" \/>\n\t<meta property=\"og:image:height\" content=\"568\" \/>\n\t<meta property=\"og:image:type\" content=\"image\/jpeg\" \/>\n<meta name=\"twitter:card\" content=\"summary_large_image\" \/>\n<meta name=\"twitter:label1\" content=\"Est. reading time\" \/>\n\t<meta name=\"twitter:data1\" content=\"3 minutes\" \/>\n<script type=\"application\/ld+json\" class=\"yoast-schema-graph\">{\"@context\":\"https:\\\/\\\/schema.org\",\"@graph\":[{\"@type\":\"WebPage\",\"@id\":\"https:\\\/\\\/www.fundaciofarineragirona.cat\\\/en\\\/iniciatives\\\/mostra-demprenedoria\\\/\",\"url\":\"https:\\\/\\\/www.fundaciofarineragirona.cat\\\/en\\\/iniciatives\\\/mostra-demprenedoria\\\/\",\"name\":\"Mostra d'Emprenedoria - Fundaci\u00f3 Farinera Girona\",\"isPartOf\":{\"@id\":\"https:\\\/\\\/www.fundaciofarineragirona.cat\\\/en\\\/#website\"},\"primaryImageOfPage\":{\"@id\":\"https:\\\/\\\/www.fundaciofarineragirona.cat\\\/en\\\/iniciatives\\\/mostra-demprenedoria\\\/#primaryimage\"},\"image\":{\"@id\":\"https:\\\/\\\/www.fundaciofarineragirona.cat\\\/en\\\/iniciatives\\\/mostra-demprenedoria\\\/#primaryimage\"},\"thumbnailUrl\":\"https:\\\/\\\/www.fundaciofarineragirona.cat\\\/wp-content\\\/uploads\\\/2026\\\/07\\\/07logos_ddgi_apaisat_c_2nivells-450x267.jpg\",\"datePublished\":\"2025-06-24T10:42:29+00:00\",\"dateModified\":\"2026-07-27T08:21:06+00:00\",\"description\":\"La\u00a0Mostra d'Emprenedoria celebrar\u00e0 la 13a edici\u00f3, i les inscripcions es tancaran el 30 de setembre d'enguany. Ser\u00e0s tu un dels finalistes?\",\"breadcrumb\":{\"@id\":\"https:\\\/\\\/www.fundaciofarineragirona.cat\\\/en\\\/iniciatives\\\/mostra-demprenedoria\\\/#breadcrumb\"},\"inLanguage\":\"en-US\",\"potentialAction\":[{\"@type\":\"ReadAction\",\"target\":[\"https:\\\/\\\/www.fundaciofarineragirona.cat\\\/en\\\/iniciatives\\\/mostra-demprenedoria\\\/\"]}]},{\"@type\":\"ImageObject\",\"inLanguage\":\"en-US\",\"@id\":\"https:\\\/\\\/www.fundaciofarineragirona.cat\\\/en\\\/iniciatives\\\/mostra-demprenedoria\\\/#primaryimage\",\"url\":\"https:\\\/\\\/www.fundaciofarineragirona.cat\\\/wp-content\\\/uploads\\\/2026\\\/07\\\/07logos_ddgi_apaisat_c_2nivells-450x267.jpg\",\"contentUrl\":\"https:\\\/\\\/www.fundaciofarineragirona.cat\\\/wp-content\\\/uploads\\\/2026\\\/07\\\/07logos_ddgi_apaisat_c_2nivells-450x267.jpg\"},{\"@type\":\"BreadcrumbList\",\"@id\":\"https:\\\/\\\/www.fundaciofarineragirona.cat\\\/en\\\/iniciatives\\\/mostra-demprenedoria\\\/#breadcrumb\",\"itemListElement\":[{\"@type\":\"ListItem\",\"position\":1,\"name\":\"Inici\",\"item\":\"https:\\\/\\\/www.fundaciofarineragirona.cat\\\/en\\\/\"},{\"@type\":\"ListItem\",\"position\":2,\"name\":\"Initiatives\",\"item\":\"\\\/\"},{\"@type\":\"ListItem\",\"position\":3,\"name\":\"Mostra d&#8217;Emprenedoria\"}]},{\"@type\":\"WebSite\",\"@id\":\"https:\\\/\\\/www.fundaciofarineragirona.cat\\\/en\\\/#website\",\"url\":\"https:\\\/\\\/www.fundaciofarineragirona.cat\\\/en\\\/\",\"name\":\"Fundaci\u00f3 Farinera Girona\",\"description\":\"Impulsem talent, transformem territori\",\"potentialAction\":[{\"@type\":\"SearchAction\",\"target\":{\"@type\":\"EntryPoint\",\"urlTemplate\":\"https:\\\/\\\/www.fundaciofarineragirona.cat\\\/en\\\/?s={search_term_string}\"},\"query-input\":{\"@type\":\"PropertyValueSpecification\",\"valueRequired\":true,\"valueName\":\"search_term_string\"}}],\"inLanguage\":\"en-US\"}]}<\/script>\n<!-- \/ Yoast SEO plugin. -->","yoast_head_json":{"title":"Mostra d'Emprenedoria - Fundaci\u00f3 Farinera Girona","description":"La\u00a0Mostra d'Emprenedoria celebrar\u00e0 la 13a edici\u00f3, i les inscripcions es tancaran el 30 de setembre d'enguany. Ser\u00e0s tu un dels finalistes?","robots":{"index":"index","follow":"follow","max-snippet":"max-snippet:-1","max-image-preview":"max-image-preview:large","max-video-preview":"max-video-preview:-1"},"canonical":"https:\/\/www.fundaciofarineragirona.cat\/en\/iniciatives\/mostra-demprenedoria\/","og_locale":"en_US","og_type":"article","og_title":"Mostra d'Emprenedoria - Fundaci\u00f3 Farinera Girona","og_description":"La\u00a0Mostra d'Emprenedoria celebrar\u00e0 la 13a edici\u00f3, i les inscripcions es tancaran el 30 de setembre d'enguany. Ser\u00e0s tu un dels finalistes?","og_url":"https:\/\/www.fundaciofarineragirona.cat\/en\/iniciatives\/mostra-demprenedoria\/","og_site_name":"Fundaci\u00f3 Farinera Girona","article_modified_time":"2026-07-27T08:21:06+00:00","og_image":[{"width":959,"height":568,"url":"https:\/\/www.fundaciofarineragirona.cat\/wp-content\/uploads\/2026\/07\/07logos_ddgi_apaisat_c_2nivells.jpg","type":"image\/jpeg"}],"twitter_card":"summary_large_image","twitter_misc":{"Est. reading time":"3 minutes"},"schema":{"@context":"https:\/\/schema.org","@graph":[{"@type":"WebPage","@id":"https:\/\/www.fundaciofarineragirona.cat\/en\/iniciatives\/mostra-demprenedoria\/","url":"https:\/\/www.fundaciofarineragirona.cat\/en\/iniciatives\/mostra-demprenedoria\/","name":"Mostra d'Emprenedoria - Fundaci\u00f3 Farinera Girona","isPartOf":{"@id":"https:\/\/www.fundaciofarineragirona.cat\/en\/#website"},"primaryImageOfPage":{"@id":"https:\/\/www.fundaciofarineragirona.cat\/en\/iniciatives\/mostra-demprenedoria\/#primaryimage"},"image":{"@id":"https:\/\/www.fundaciofarineragirona.cat\/en\/iniciatives\/mostra-demprenedoria\/#primaryimage"},"thumbnailUrl":"https:\/\/www.fundaciofarineragirona.cat\/wp-content\/uploads\/2026\/07\/07logos_ddgi_apaisat_c_2nivells-450x267.jpg","datePublished":"2025-06-24T10:42:29+00:00","dateModified":"2026-07-27T08:21:06+00:00","description":"La\u00a0Mostra d'Emprenedoria celebrar\u00e0 la 13a edici\u00f3, i les inscripcions es tancaran el 30 de setembre d'enguany. Ser\u00e0s tu un dels finalistes?","breadcrumb":{"@id":"https:\/\/www.fundaciofarineragirona.cat\/en\/iniciatives\/mostra-demprenedoria\/#breadcrumb"},"inLanguage":"en-US","potentialAction":[{"@type":"ReadAction","target":["https:\/\/www.fundaciofarineragirona.cat\/en\/iniciatives\/mostra-demprenedoria\/"]}]},{"@type":"ImageObject","inLanguage":"en-US","@id":"https:\/\/www.fundaciofarineragirona.cat\/en\/iniciatives\/mostra-demprenedoria\/#primaryimage","url":"https:\/\/www.fundaciofarineragirona.cat\/wp-content\/uploads\/2026\/07\/07logos_ddgi_apaisat_c_2nivells-450x267.jpg","contentUrl":"https:\/\/www.fundaciofarineragirona.cat\/wp-content\/uploads\/2026\/07\/07logos_ddgi_apaisat_c_2nivells-450x267.jpg"},{"@type":"BreadcrumbList","@id":"https:\/\/www.fundaciofarineragirona.cat\/en\/iniciatives\/mostra-demprenedoria\/#breadcrumb","itemListElement":[{"@type":"ListItem","position":1,"name":"Inici","item":"https:\/\/www.fundaciofarineragirona.cat\/en\/"},{"@type":"ListItem","position":2,"name":"Initiatives","item":"\/"},{"@type":"ListItem","position":3,"name":"Mostra d&#8217;Emprenedoria"}]},{"@type":"WebSite","@id":"https:\/\/www.fundaciofarineragirona.cat\/en\/#website","url":"https:\/\/www.fundaciofarineragirona.cat\/en\/","name":"Fundaci\u00f3 Farinera Girona","description":"Impulsem talent, transformem territori","potentialAction":[{"@type":"SearchAction","target":{"@type":"EntryPoint","urlTemplate":"https:\/\/www.fundaciofarineragirona.cat\/en\/?s={search_term_string}"},"query-input":{"@type":"PropertyValueSpecification","valueRequired":true,"valueName":"search_term_string"}}],"inLanguage":"en-US"}]}},"_links":{"self":[{"href":"https:\/\/www.fundaciofarineragirona.cat\/en\/wp-json\/wp\/v2\/pages\/1252","targetHints":{"allow":["GET"]}}],"collection":[{"href":"https:\/\/www.fundaciofarineragirona.cat\/en\/wp-json\/wp\/v2\/pages"}],"about":[{"href":"https:\/\/www.fundaciofarineragirona.cat\/en\/wp-json\/wp\/v2\/types\/page"}],"author":[{"embeddable":true,"href":"https:\/\/www.fundaciofarineragirona.cat\/en\/wp-json\/wp\/v2\/users\/1"}],"replies":[{"embeddable":true,"href":"https:\/\/www.fundaciofarineragirona.cat\/en\/wp-json\/wp\/v2\/comments?post=1252"}],"version-history":[{"count":8,"href":"https:\/\/www.fundaciofarineragirona.cat\/en\/wp-json\/wp\/v2\/pages\/1252\/revisions"}],"predecessor-version":[{"id":2420,"href":"https:\/\/www.fundaciofarineragirona.cat\/en\/wp-json\/wp\/v2\/pages\/1252\/revisions\/2420"}],"up":[{"embeddable":true,"href":"https:\/\/www.fundaciofarineragirona.cat\/en\/wp-json\/wp\/v2\/pages\/1244"}],"wp:attachment":[{"href":"https:\/\/www.fundaciofarineragirona.cat\/en\/wp-json\/wp\/v2\/media?parent=1252"}],"curies":[{"name":"wp","href":"https:\/\/api.w.org\/{rel}","templated":true}]}}