{"id":2068,"date":"2026-04-27T10:02:07","date_gmt":"2026-04-27T08:02:07","guid":{"rendered":"https:\/\/www.fundaciofarineragirona.cat\/?page_id=2068"},"modified":"2026-04-27T12:27:16","modified_gmt":"2026-04-27T10:27:16","slug":"startup-build-sprint","status":"publish","type":"page","link":"https:\/\/www.fundaciofarineragirona.cat\/ca\/iniciatives\/startup-build-sprint\/","title":{"rendered":"Startup Build Sprint"},"content":{"rendered":"<h3 data-section-id=\"ynnduk\" data-start=\"171\" data-end=\"243\">Participa en el Build Sprint de Fundaci\u00f3 Farinera Girona amb Lovable<\/h3>\n<p data-start=\"245\" data-end=\"327\">T\u2019imagines transformar una idea en un producte digital funcional en nom\u00e9s un mat\u00ed?<\/p>\n<p data-start=\"329\" data-end=\"590\">Des de la <strong>Fundaci\u00f3 Farinera Girona<\/strong>, en col\u00b7laboraci\u00f3 amb <strong data-start=\"386\" data-end=\"397\">Lovable<\/strong>, impulsem una jornada intensiva de construcci\u00f3 de producte digital pensada per a persones amb inquietud emprenedora, talent jove i creadors amb ganes d\u2019experimentar, construir i aprendre fent.<\/p>\n<p data-start=\"592\" data-end=\"882\">Aquest <strong data-start=\"599\" data-end=\"615\">Build Sprint<\/strong> \u00e9s una experi\u00e8ncia pr\u00e0ctica i col\u00b7laborativa on treballar\u00e0s en equip per donar forma a una soluci\u00f3 real, utilitzant noves eines de desenvolupament com <strong data-start=\"767\" data-end=\"778\">Lovable<\/strong> i metodologies com el <strong data-start=\"801\" data-end=\"816\">Vibe Coding<\/strong>, que permeten passar d\u2019una idea a un prototip en q\u00fcesti\u00f3 d\u2019hores.<\/p>\n<h3 data-section-id=\"1w5gipr\" data-start=\"884\" data-end=\"904\">Qu\u00e8 hi trobar\u00e0s?<\/h3>\n<p data-start=\"906\" data-end=\"1139\">Durant 6 hores (de 9 h a 15 h), formar\u00e0s part d\u2019un equip multidisciplinari amb estudiants, emprenedors i perfils vinculats a tecnologia, negoci i disseny, amb l\u2019acompanyament de mentors amb experi\u00e8ncia en startups i producte digital.<\/p>\n<p data-start=\"1141\" data-end=\"1237\">No es tracta d\u2019un hackathon convencional. No venim nom\u00e9s a generar idees: venim a <strong data-start=\"1223\" data-end=\"1236\">construir<\/strong>.<\/p>\n<p data-start=\"1239\" data-end=\"1311\">Treballarem sobre reptes reals i oportunitats de mercat dins \u00e0mbits com:<\/p>\n<ul data-start=\"1313\" data-end=\"1471\">\n<li data-section-id=\"kzzibt\" data-start=\"1313\" data-end=\"1339\">Turisme i experi\u00e8ncies<\/li>\n<li data-section-id=\"1uqk3we\" data-start=\"1340\" data-end=\"1367\">Comunitats i networking<\/li>\n<li data-section-id=\"xzckju\" data-start=\"1368\" data-end=\"1427\">Productivitat i aplicacions d\u2019intel\u00b7lig\u00e8ncia artificial<\/li>\n<li data-section-id=\"1j2194n\" data-start=\"1428\" data-end=\"1471\">Digitalitzaci\u00f3 del comer\u00e7 local i pimes<\/li>\n<\/ul>\n<p data-start=\"1473\" data-end=\"1584\">Alguns reptes estaran connectats amb problemes reals plantejats per emprenedors de l\u2019ecosistema de la Fundaci\u00f3.<\/p>\n<h3 data-section-id=\"1mj4g05\" data-start=\"1586\" data-end=\"1609\">Per qu\u00e8 participar?<\/h3>\n<p data-start=\"1611\" data-end=\"1733\">Perqu\u00e8 viur\u00e0s en primera persona com avui \u00e9s possible crear producte digital a una velocitat impensable fa nom\u00e9s uns anys.<\/p>\n<p data-start=\"1735\" data-end=\"1846\">Perqu\u00e8 aprendr\u00e0s fent, treballant amb eines capdavanteres que estan redefinint la manera de construir startups.<\/p>\n<p data-start=\"1848\" data-end=\"1989\">Perqu\u00e8 connectar\u00e0s amb altres persones amb iniciativa, amb emprenedors en actiu i amb mentors que t\u2019ajudaran a portar m\u00e9s lluny la teva idea.<\/p>\n<p data-start=\"1991\" data-end=\"2096\">I perqu\u00e8 tindr\u00e0s acc\u00e9s a <strong data-start=\"2016\" data-end=\"2047\">cr\u00e8dits gratu\u00efts de Lovable<\/strong> per construir el teu prototip durant la jornada.<\/p>\n<h3 data-section-id=\"lh83zw\" data-start=\"2098\" data-end=\"2153\">Una oportunitat per experimentar, crear i emprendre<\/h3>\n<p data-start=\"2155\" data-end=\"2375\">En molt poc temps, <strong data-start=\"2174\" data-end=\"2185\">Lovable<\/strong> s\u2019ha posicionat com una de les scaleups m\u00e9s destacades de l\u2019ecosistema tecnol\u00f2gic global, demostrant el potencial de les noves eines de desenvolupament per accelerar la creaci\u00f3 de producte.<\/p>\n<p data-start=\"2377\" data-end=\"2502\">Amb aquesta jornada volem apropar aquesta nova manera de construir a estudiants, talent emergent i emprenedors del territori.<\/p>\n<p data-start=\"2504\" data-end=\"2644\">Si t\u2019interessa la innovaci\u00f3, les startups, la tecnologia o simplement tens ganes de posar a prova una idea\u2026 aquest esdeveniment \u00e9s per a tu.<\/p>\n<h3 data-section-id=\"1nf3zrc\" data-start=\"2646\" data-end=\"2661\">T\u2019hi sumes?<\/h3>\n<p data-start=\"2663\" data-end=\"2804\">Participa en una experi\u00e8ncia que connecta talent, tecnologia i emprenedoria, i descobreix fins on pot arribar una idea quan es posa en acci\u00f3.<\/p>\n<p>&nbsp;<\/p>\n<table style=\"border-collapse: collapse; width: 100%;\">\n<tbody>\n<tr>\n<td style=\"width: 33.333333%;\"><img loading=\"lazy\" decoding=\"async\" class=\"aligncenter size-medium wp-image-2074\" src=\"https:\/\/www.fundaciofarineragirona.cat\/wp-content\/uploads\/2026\/04\/logo-bell-lloc-del-pla-e1625250131340-450x160.png\" alt=\"\" width=\"450\" height=\"160\" srcset=\"https:\/\/www.fundaciofarineragirona.cat\/wp-content\/uploads\/2026\/04\/logo-bell-lloc-del-pla-e1625250131340-450x160.png 450w, https:\/\/www.fundaciofarineragirona.cat\/wp-content\/uploads\/2026\/04\/logo-bell-lloc-del-pla-e1625250131340.png 652w\" sizes=\"auto, (max-width: 450px) 100vw, 450px\" \/><\/td>\n<td style=\"width: 33.333333%;\"><img loading=\"lazy\" decoding=\"async\" class=\"aligncenter  wp-image-2075\" src=\"https:\/\/www.fundaciofarineragirona.cat\/wp-content\/uploads\/2026\/04\/4-copia-450x441.png\" alt=\"\" width=\"166\" height=\"163\" srcset=\"https:\/\/www.fundaciofarineragirona.cat\/wp-content\/uploads\/2026\/04\/4-copia-450x441.png 450w, https:\/\/www.fundaciofarineragirona.cat\/wp-content\/uploads\/2026\/04\/4-copia-1200x1176.png 1200w, https:\/\/www.fundaciofarineragirona.cat\/wp-content\/uploads\/2026\/04\/4-copia-768x753.png 768w, https:\/\/www.fundaciofarineragirona.cat\/wp-content\/uploads\/2026\/04\/4-copia-1536x1506.png 1536w, https:\/\/www.fundaciofarineragirona.cat\/wp-content\/uploads\/2026\/04\/4-copia.png 1917w\" sizes=\"auto, (max-width: 166px) 100vw, 166px\" \/><\/td>\n<td style=\"width: 33.333333%;\"><a href=\"https:\/\/www.fundaciofarineragirona.cat\/wp-content\/uploads\/2026\/04\/logoblack.svg\"><img loading=\"lazy\" decoding=\"async\" class=\"aligncenter size-medium wp-image-2076\" src=\"https:\/\/www.fundaciofarineragirona.cat\/wp-content\/uploads\/2026\/04\/logoblack.svg\" alt=\"\" width=\"450\" height=\"77\" \/><\/a><\/td>\n<\/tr>\n<\/tbody>\n<\/table>\n","protected":false},"excerpt":{"rendered":"<p>Participa en el Build Sprint de Fundaci\u00f3 Farinera Girona amb Lovable T\u2019imagines transformar una idea en un producte digital funcional en nom\u00e9s un mat\u00ed? Des de la Fundaci\u00f3 Farinera Girona, en col\u00b7laboraci\u00f3 amb Lovable, impulsem una jornada intensiva de construcci\u00f3 de producte digital pensada per a persones amb inquietud emprenedora, talent jove i creadors amb [&hellip;]<\/p>\n","protected":false},"author":1,"featured_media":0,"parent":272,"menu_order":40,"comment_status":"closed","ping_status":"closed","template":"template-pagina.php","meta":{"_acf_changed":false,"inline_featured_image":false,"footnotes":"","_links_to":"","_links_to_target":""},"class_list":["post-2068","page","type-page","status-publish","hentry"],"acf":[],"yoast_head":"<!-- This site is optimized with the Yoast SEO plugin v27.4 - https:\/\/yoast.com\/product\/yoast-seo-wordpress\/ -->\n<title>Startup Build Sprint - Fundaci\u00f3 Farinera Girona<\/title>\n<meta name=\"robots\" content=\"index, follow, max-snippet:-1, max-image-preview:large, max-video-preview:-1\" \/>\n<link rel=\"canonical\" href=\"https:\/\/www.fundaciofarineragirona.cat\/ca\/iniciatives\/startup-build-sprint\/\" \/>\n<meta property=\"og:locale\" content=\"ca_ES\" \/>\n<meta property=\"og:type\" content=\"article\" \/>\n<meta property=\"og:title\" content=\"Startup Build Sprint - Fundaci\u00f3 Farinera Girona\" \/>\n<meta property=\"og:description\" content=\"Participa en el Build Sprint de Fundaci\u00f3 Farinera Girona amb Lovable T\u2019imagines transformar una idea en un producte digital funcional en nom\u00e9s un mat\u00ed? Des de la Fundaci\u00f3 Farinera Girona, en col\u00b7laboraci\u00f3 amb Lovable, impulsem una jornada intensiva de construcci\u00f3 de producte digital pensada per a persones amb inquietud emprenedora, talent jove i creadors amb [&hellip;]\" \/>\n<meta property=\"og:url\" content=\"https:\/\/www.fundaciofarineragirona.cat\/ca\/iniciatives\/startup-build-sprint\/\" \/>\n<meta property=\"og:site_name\" content=\"Fundaci\u00f3 Farinera Girona\" \/>\n<meta property=\"article:modified_time\" content=\"2026-04-27T10:27:16+00:00\" \/>\n<meta property=\"og:image\" content=\"https:\/\/www.fundaciofarineragirona.cat\/wp-content\/uploads\/2026\/04\/logo-bell-lloc-del-pla-e1625250131340.png\" \/>\n\t<meta property=\"og:image:width\" content=\"652\" \/>\n\t<meta property=\"og:image:height\" content=\"232\" \/>\n\t<meta property=\"og:image:type\" content=\"image\/png\" \/>\n<meta name=\"twitter:card\" content=\"summary_large_image\" \/>\n<meta name=\"twitter:label1\" content=\"Temps estimat de lectura\" \/>\n\t<meta name=\"twitter:data1\" content=\"3 minuts\" \/>\n<script type=\"application\/ld+json\" class=\"yoast-schema-graph\">{\"@context\":\"https:\\\/\\\/schema.org\",\"@graph\":[{\"@type\":\"WebPage\",\"@id\":\"https:\\\/\\\/www.fundaciofarineragirona.cat\\\/ca\\\/iniciatives\\\/startup-build-sprint\\\/\",\"url\":\"https:\\\/\\\/www.fundaciofarineragirona.cat\\\/ca\\\/iniciatives\\\/startup-build-sprint\\\/\",\"name\":\"Startup Build Sprint - Fundaci\u00f3 Farinera Girona\",\"isPartOf\":{\"@id\":\"https:\\\/\\\/www.fundaciofarineragirona.cat\\\/ca\\\/#website\"},\"primaryImageOfPage\":{\"@id\":\"https:\\\/\\\/www.fundaciofarineragirona.cat\\\/ca\\\/iniciatives\\\/startup-build-sprint\\\/#primaryimage\"},\"image\":{\"@id\":\"https:\\\/\\\/www.fundaciofarineragirona.cat\\\/ca\\\/iniciatives\\\/startup-build-sprint\\\/#primaryimage\"},\"thumbnailUrl\":\"https:\\\/\\\/www.fundaciofarineragirona.cat\\\/wp-content\\\/uploads\\\/2026\\\/04\\\/logo-bell-lloc-del-pla-e1625250131340-450x160.png\",\"datePublished\":\"2026-04-27T08:02:07+00:00\",\"dateModified\":\"2026-04-27T10:27:16+00:00\",\"breadcrumb\":{\"@id\":\"https:\\\/\\\/www.fundaciofarineragirona.cat\\\/ca\\\/iniciatives\\\/startup-build-sprint\\\/#breadcrumb\"},\"inLanguage\":\"ca\",\"potentialAction\":[{\"@type\":\"ReadAction\",\"target\":[\"https:\\\/\\\/www.fundaciofarineragirona.cat\\\/ca\\\/iniciatives\\\/startup-build-sprint\\\/\"]}]},{\"@type\":\"ImageObject\",\"inLanguage\":\"ca\",\"@id\":\"https:\\\/\\\/www.fundaciofarineragirona.cat\\\/ca\\\/iniciatives\\\/startup-build-sprint\\\/#primaryimage\",\"url\":\"https:\\\/\\\/www.fundaciofarineragirona.cat\\\/wp-content\\\/uploads\\\/2026\\\/04\\\/logo-bell-lloc-del-pla-e1625250131340-450x160.png\",\"contentUrl\":\"https:\\\/\\\/www.fundaciofarineragirona.cat\\\/wp-content\\\/uploads\\\/2026\\\/04\\\/logo-bell-lloc-del-pla-e1625250131340-450x160.png\"},{\"@type\":\"BreadcrumbList\",\"@id\":\"https:\\\/\\\/www.fundaciofarineragirona.cat\\\/ca\\\/iniciatives\\\/startup-build-sprint\\\/#breadcrumb\",\"itemListElement\":[{\"@type\":\"ListItem\",\"position\":1,\"name\":\"Inici\",\"item\":\"https:\\\/\\\/www.fundaciofarineragirona.cat\\\/ca\\\/\"},{\"@type\":\"ListItem\",\"position\":2,\"name\":\"Iniciatives\",\"item\":\"\\\/\"},{\"@type\":\"ListItem\",\"position\":3,\"name\":\"Startup Build Sprint\"}]},{\"@type\":\"WebSite\",\"@id\":\"https:\\\/\\\/www.fundaciofarineragirona.cat\\\/ca\\\/#website\",\"url\":\"https:\\\/\\\/www.fundaciofarineragirona.cat\\\/ca\\\/\",\"name\":\"Fundaci\u00f3 Farinera Girona\",\"description\":\"Impulsem talent, transformem territori\",\"potentialAction\":[{\"@type\":\"SearchAction\",\"target\":{\"@type\":\"EntryPoint\",\"urlTemplate\":\"https:\\\/\\\/www.fundaciofarineragirona.cat\\\/ca\\\/?s={search_term_string}\"},\"query-input\":{\"@type\":\"PropertyValueSpecification\",\"valueRequired\":true,\"valueName\":\"search_term_string\"}}],\"inLanguage\":\"ca\"}]}<\/script>\n<!-- \/ Yoast SEO plugin. -->","yoast_head_json":{"title":"Startup Build Sprint - Fundaci\u00f3 Farinera Girona","robots":{"index":"index","follow":"follow","max-snippet":"max-snippet:-1","max-image-preview":"max-image-preview:large","max-video-preview":"max-video-preview:-1"},"canonical":"https:\/\/www.fundaciofarineragirona.cat\/ca\/iniciatives\/startup-build-sprint\/","og_locale":"ca_ES","og_type":"article","og_title":"Startup Build Sprint - Fundaci\u00f3 Farinera Girona","og_description":"Participa en el Build Sprint de Fundaci\u00f3 Farinera Girona amb Lovable T\u2019imagines transformar una idea en un producte digital funcional en nom\u00e9s un mat\u00ed? Des de la Fundaci\u00f3 Farinera Girona, en col\u00b7laboraci\u00f3 amb Lovable, impulsem una jornada intensiva de construcci\u00f3 de producte digital pensada per a persones amb inquietud emprenedora, talent jove i creadors amb [&hellip;]","og_url":"https:\/\/www.fundaciofarineragirona.cat\/ca\/iniciatives\/startup-build-sprint\/","og_site_name":"Fundaci\u00f3 Farinera Girona","article_modified_time":"2026-04-27T10:27:16+00:00","og_image":[{"width":652,"height":232,"url":"https:\/\/www.fundaciofarineragirona.cat\/wp-content\/uploads\/2026\/04\/logo-bell-lloc-del-pla-e1625250131340.png","type":"image\/png"}],"twitter_card":"summary_large_image","twitter_misc":{"Temps estimat de lectura":"3 minuts"},"schema":{"@context":"https:\/\/schema.org","@graph":[{"@type":"WebPage","@id":"https:\/\/www.fundaciofarineragirona.cat\/ca\/iniciatives\/startup-build-sprint\/","url":"https:\/\/www.fundaciofarineragirona.cat\/ca\/iniciatives\/startup-build-sprint\/","name":"Startup Build Sprint - Fundaci\u00f3 Farinera Girona","isPartOf":{"@id":"https:\/\/www.fundaciofarineragirona.cat\/ca\/#website"},"primaryImageOfPage":{"@id":"https:\/\/www.fundaciofarineragirona.cat\/ca\/iniciatives\/startup-build-sprint\/#primaryimage"},"image":{"@id":"https:\/\/www.fundaciofarineragirona.cat\/ca\/iniciatives\/startup-build-sprint\/#primaryimage"},"thumbnailUrl":"https:\/\/www.fundaciofarineragirona.cat\/wp-content\/uploads\/2026\/04\/logo-bell-lloc-del-pla-e1625250131340-450x160.png","datePublished":"2026-04-27T08:02:07+00:00","dateModified":"2026-04-27T10:27:16+00:00","breadcrumb":{"@id":"https:\/\/www.fundaciofarineragirona.cat\/ca\/iniciatives\/startup-build-sprint\/#breadcrumb"},"inLanguage":"ca","potentialAction":[{"@type":"ReadAction","target":["https:\/\/www.fundaciofarineragirona.cat\/ca\/iniciatives\/startup-build-sprint\/"]}]},{"@type":"ImageObject","inLanguage":"ca","@id":"https:\/\/www.fundaciofarineragirona.cat\/ca\/iniciatives\/startup-build-sprint\/#primaryimage","url":"https:\/\/www.fundaciofarineragirona.cat\/wp-content\/uploads\/2026\/04\/logo-bell-lloc-del-pla-e1625250131340-450x160.png","contentUrl":"https:\/\/www.fundaciofarineragirona.cat\/wp-content\/uploads\/2026\/04\/logo-bell-lloc-del-pla-e1625250131340-450x160.png"},{"@type":"BreadcrumbList","@id":"https:\/\/www.fundaciofarineragirona.cat\/ca\/iniciatives\/startup-build-sprint\/#breadcrumb","itemListElement":[{"@type":"ListItem","position":1,"name":"Inici","item":"https:\/\/www.fundaciofarineragirona.cat\/ca\/"},{"@type":"ListItem","position":2,"name":"Iniciatives","item":"\/"},{"@type":"ListItem","position":3,"name":"Startup Build Sprint"}]},{"@type":"WebSite","@id":"https:\/\/www.fundaciofarineragirona.cat\/ca\/#website","url":"https:\/\/www.fundaciofarineragirona.cat\/ca\/","name":"Fundaci\u00f3 Farinera Girona","description":"Impulsem talent, transformem territori","potentialAction":[{"@type":"SearchAction","target":{"@type":"EntryPoint","urlTemplate":"https:\/\/www.fundaciofarineragirona.cat\/ca\/?s={search_term_string}"},"query-input":{"@type":"PropertyValueSpecification","valueRequired":true,"valueName":"search_term_string"}}],"inLanguage":"ca"}]}},"_links":{"self":[{"href":"https:\/\/www.fundaciofarineragirona.cat\/ca\/wp-json\/wp\/v2\/pages\/2068","targetHints":{"allow":["GET"]}}],"collection":[{"href":"https:\/\/www.fundaciofarineragirona.cat\/ca\/wp-json\/wp\/v2\/pages"}],"about":[{"href":"https:\/\/www.fundaciofarineragirona.cat\/ca\/wp-json\/wp\/v2\/types\/page"}],"author":[{"embeddable":true,"href":"https:\/\/www.fundaciofarineragirona.cat\/ca\/wp-json\/wp\/v2\/users\/1"}],"replies":[{"embeddable":true,"href":"https:\/\/www.fundaciofarineragirona.cat\/ca\/wp-json\/wp\/v2\/comments?post=2068"}],"version-history":[{"count":12,"href":"https:\/\/www.fundaciofarineragirona.cat\/ca\/wp-json\/wp\/v2\/pages\/2068\/revisions"}],"predecessor-version":[{"id":2100,"href":"https:\/\/www.fundaciofarineragirona.cat\/ca\/wp-json\/wp\/v2\/pages\/2068\/revisions\/2100"}],"up":[{"embeddable":true,"href":"https:\/\/www.fundaciofarineragirona.cat\/ca\/wp-json\/wp\/v2\/pages\/272"}],"wp:attachment":[{"href":"https:\/\/www.fundaciofarineragirona.cat\/ca\/wp-json\/wp\/v2\/media?parent=2068"}],"curies":[{"name":"wp","href":"https:\/\/api.w.org\/{rel}","templated":true}]}}